{"id":3592,"date":"2022-05-10T09:34:12","date_gmt":"2022-05-10T07:34:12","guid":{"rendered":"https:\/\/wp.gihmm.webofficeserver.info\/?page_id=3592"},"modified":"2022-07-19T09:13:14","modified_gmt":"2022-07-19T07:13:14","slug":"radon-messen","status":"publish","type":"page","link":"https:\/\/wp.gihmm.webofficeserver.info\/radon-messen\/","title":{"rendered":"Radon Messen"},"content":{"rendered":"<p>[vc_row][vc_column]<link href=\"\/\/Open+Sans:600\" rel=\"stylesheet\" property=\"stylesheet\" type=\"text\/css\" media=\"all\">\n<div id=\"rev_slider_18_1_wrapper\" class=\"rev_slider_wrapper fullwidthbanner-container\" data-source=\"gallery\" style=\"margin:0px auto;background:transparent;padding:0px;margin-top:0px;margin-bottom:0px;\">\n<!-- START REVOLUTION SLIDER 5.4.1 fullwidth mode -->\n\t<div id=\"rev_slider_18_1\" class=\"rev_slider fullwidthabanner\" style=\"display:none;\" data-version=\"5.4.1\">\n<ul>\t<!-- SLIDE  -->\n\t<li data-index=\"rs-33\" data-transition=\"fade,slideleft\" data-slotamount=\"default,default\" data-hideafterloop=\"0\" data-hideslideonmobile=\"off\"  data-easein=\"default,default\" data-easeout=\"default,default\" data-masterspeed=\"default,default\"  data-rotate=\"0,0\"  data-saveperformance=\"off\"  data-title=\"Slide\" data-param1=\"\" data-param2=\"\" data-param3=\"\" data-param4=\"\" data-param5=\"\" data-param6=\"\" data-param7=\"\" data-param8=\"\" data-param9=\"\" data-param10=\"\" data-description=\"\">\n\t\t<!-- MAIN IMAGE -->\n\t\t<img src=\"https:\/\/wp.gihmm.webofficeserver.info\/wp-content\/uploads\/2022\/07\/Gihmm_Radon_Messen.jpg\"  alt=\"Gihmm_Radon_Messen\"  width=\"2000\" height=\"509\" data-bgposition=\"center center\" data-bgfit=\"cover\" data-bgrepeat=\"no-repeat\" class=\"rev-slidebg\" data-no-retina>\n\t\t<!-- LAYERS -->\n\n\t\t<!-- LAYER NR. 1 -->\n\t\t<div class=\"tp-caption   tp-resizeme  text-center\" \n\t\t\t id=\"slide-33-layer-2\" \n\t\t\t data-x=\"center\" data-hoffset=\"\" \n\t\t\t data-y=\"center\" data-voffset=\"30\" \n\t\t\t\t\t\tdata-width=\"['954']\"\n\t\t\tdata-height=\"['auto']\"\n \n\t\t\tdata-type=\"text\" \n\t\t\tdata-responsive_offset=\"on\" \n\n\t\t\tdata-frames='[{\"delay\":10,\"speed\":300,\"frame\":\"0\",\"from\":\"opacity:0;\",\"to\":\"o:1;\",\"ease\":\"Power3.easeInOut\"},{\"delay\":\"wait\",\"speed\":300,\"frame\":\"999\",\"to\":\"opacity:0;\",\"ease\":\"Power3.easeInOut\"}]'\n\t\t\tdata-textAlign=\"['inherit','inherit','inherit','inherit']\"\n\t\t\tdata-paddingtop=\"[0,0,0,0]\"\n\t\t\tdata-paddingright=\"[0,0,0,0]\"\n\t\t\tdata-paddingbottom=\"[0,0,0,0]\"\n\t\t\tdata-paddingleft=\"[0,0,0,0]\"\n\n\t\t\tstyle=\"z-index: 5; min-width: 954px; max-width: 954px; white-space: normal; font-size: 30px; line-height: 48px; font-weight: 600; color: #000000; letter-spacing: 0px;font-family:Open Sans;\"><center><i><\/i><\/center> <\/div>\n\t<\/li>\n<\/ul>\n<div class=\"tp-bannertimer tp-bottom\" style=\"visibility: hidden !important;\"><\/div>\t<\/div>\n<script>var htmlDiv = document.getElementById(\"rs-plugin-settings-inline-css\"); var htmlDivCss=\"\";\r\n\t\t\t\tif(htmlDiv) {\r\n\t\t\t\t\thtmlDiv.innerHTML = htmlDiv.innerHTML + htmlDivCss;\r\n\t\t\t\t}else{\r\n\t\t\t\t\tvar htmlDiv = document.createElement(\"div\");\r\n\t\t\t\t\thtmlDiv.innerHTML = \"<style>\" + htmlDivCss + \"<\/style>\";\r\n\t\t\t\t\tdocument.getElementsByTagName(\"head\")[0].appendChild(htmlDiv.childNodes[0]);\r\n\t\t\t\t}\r\n\t\t\t<\/script>\n\t\t<script type=\"text\/javascript\">\r\n\t\t\t\t\t\t\/******************************************\r\n\t\t\t\t-\tPREPARE PLACEHOLDER FOR SLIDER\t-\r\n\t\t\t******************************************\/\r\n\r\n\t\t\tvar setREVStartSize=function(){\r\n\t\t\t\ttry{var e=new Object,i=jQuery(window).width(),t=9999,r=0,n=0,l=0,f=0,s=0,h=0;\r\n\t\t\t\t\te.c = jQuery('#rev_slider_18_1');\r\n\t\t\t\t\te.gridwidth = [1240];\r\n\t\t\t\t\te.gridheight = [400];\r\n\t\t\t\t\t\t\t\r\n\t\t\t\t\te.sliderLayout = \"fullwidth\";\r\n\t\t\t\t\tif(e.responsiveLevels&&(jQuery.each(e.responsiveLevels,function(e,f){f>i&&(t=r=f,l=e),i>f&&f>r&&(r=f,n=e)}),t>r&&(l=n)),f=e.gridheight[l]||e.gridheight[0]||e.gridheight,s=e.gridwidth[l]||e.gridwidth[0]||e.gridwidth,h=i\/s,h=h>1?1:h,f=Math.round(h*f),\"fullscreen\"==e.sliderLayout){var u=(e.c.width(),jQuery(window).height());if(void 0!=e.fullScreenOffsetContainer){var c=e.fullScreenOffsetContainer.split(\",\");if (c) jQuery.each(c,function(e,i){u=jQuery(i).length>0?u-jQuery(i).outerHeight(!0):u}),e.fullScreenOffset.split(\"%\").length>1&&void 0!=e.fullScreenOffset&&e.fullScreenOffset.length>0?u-=jQuery(window).height()*parseInt(e.fullScreenOffset,0)\/100:void 0!=e.fullScreenOffset&&e.fullScreenOffset.length>0&&(u-=parseInt(e.fullScreenOffset,0))}f=u}else void 0!=e.minHeight&&f<e.minHeight&&(f=e.minHeight);e.c.closest(\".rev_slider_wrapper\").css({height:f})\r\n\t\t\t\t\t\r\n\t\t\t\t}catch(d){console.log(\"Failure at Presize of Slider:\"+d)}\r\n\t\t\t};\r\n\t\t\t\r\n\t\t\tsetREVStartSize();\r\n\t\t\t\r\n\t\t\t\t\t\tvar tpj=jQuery;\r\n\t\t\t\r\n\t\t\tvar revapi18;\r\n\t\t\ttpj(document).ready(function() {\n\t\t\t\tif(tpj(\"#rev_slider_18_1\").revolution == undefined){\n\t\t\t\t\trevslider_showDoubleJqueryError(\"#rev_slider_18_1\");\n\t\t\t\t}else{\n\t\t\t\t\trevapi18 = tpj(\"#rev_slider_18_1\").show().revolution({\n\t\t\t\t\t\tsliderType:\"standard\",\njsFileLocation:\"\/\/wp.gihmm.webofficeserver.info\/wp-content\/plugins\/revslider\/public\/assets\/js\/\",\n\t\t\t\t\t\tsliderLayout:\"fullwidth\",\n\t\t\t\t\t\tdottedOverlay:\"none\",\n\t\t\t\t\t\tdelay:9000,\n\t\t\t\t\t\tnavigation: {\n\t\t\t\t\t\t\tkeyboardNavigation:\"on\",\n\t\t\t\t\t\t\tkeyboard_direction: \"horizontal\",\n\t\t\t\t\t\t\tmouseScrollNavigation:\"off\",\n \t\t\t\t\t\t\tmouseScrollReverse:\"default\",\n\t\t\t\t\t\t\tonHoverStop:\"off\",\n\t\t\t\t\t\t\ttouch:{\n\t\t\t\t\t\t\t\ttouchenabled:\"on\",\n\t\t\t\t\t\t\t\ttouchOnDesktop:\"on\",\n\t\t\t\t\t\t\t\tswipe_threshold: 75,\n\t\t\t\t\t\t\t\tswipe_min_touches: 1,\n\t\t\t\t\t\t\t\tswipe_direction: \"horizontal\",\n\t\t\t\t\t\t\t\tdrag_block_vertical: false\n\t\t\t\t\t\t\t}\n\t\t\t\t\t\t},\n\t\t\t\t\t\tvisibilityLevels:[1240,1024,778,480],\n\t\t\t\t\t\tgridwidth:1240,\n\t\t\t\t\t\tgridheight:400,\n\t\t\t\t\t\tlazyType:\"none\",\n\t\t\t\t\t\tshadow:0,\n\t\t\t\t\t\tspinner:\"spinner0\",\n\t\t\t\t\t\tstopLoop:\"off\",\n\t\t\t\t\t\tstopAfterLoops:-1,\n\t\t\t\t\t\tstopAtSlide:-1,\n\t\t\t\t\t\tshuffle:\"off\",\n\t\t\t\t\t\tautoHeight:\"off\",\n\t\t\t\t\t\tdisableProgressBar:\"on\",\n\t\t\t\t\t\thideThumbsOnMobile:\"off\",\n\t\t\t\t\t\thideSliderAtLimit:0,\n\t\t\t\t\t\thideCaptionAtLimit:0,\n\t\t\t\t\t\thideAllCaptionAtLilmit:0,\n\t\t\t\t\t\tdebugMode:false,\n\t\t\t\t\t\tfallbacks: {\n\t\t\t\t\t\t\tsimplifyAll:\"off\",\n\t\t\t\t\t\t\tnextSlideOnWindowFocus:\"off\",\n\t\t\t\t\t\t\tdisableFocusListener:false,\n\t\t\t\t\t\t}\n\t\t\t\t\t});\n\t\t\t\t}\n\t\t\t});\t\/*ready*\/\n\t\t<\/script>\r\n\t\t<\/div><!-- END REVOLUTION SLIDER -->[\/vc_column][\/vc_row][vc_row css=&#8220;.vc_custom_1652704975402{margin-top: 80px !important;padding-top: 30px !important;padding-bottom: 40px !important;background-color: #f1f1f1 !important;}&#8220;][vc_column width=&#8220;2\/3&#8243; offset=&#8220;vc_col-lg-offset-2 vc_col-md-offset-2 vc_col-sm-offset-2 vc_col-xs-12&#8243;][vc_custom_heading text=&#8220;Radon Messung am Arbeitsplatz<br \/>\n&#8220; font_container=&#8220;tag:h1|text_align:center&#8220; use_theme_fonts=&#8220;yes&#8220; css=&#8220;.vc_custom_1652703317025{margin-top: 10px !important;margin-bottom: 20px !important;border-top-width: 0px !important;border-bottom-width: 0px !important;padding-top: 0px !important;padding-bottom: 0px !important;}&#8220;][vc_column_text css=&#8220;.vc_custom_1657639784798{margin-bottom: 30px !important;}&#8220; el_class=&#8220;max80&#8243;]<\/p>\n<h2 style=\"text-align: center;\"><span style=\"color: #d0011b;\">Gihmm ist Ihr zertifizierter Partner f\u00fcr die Radon Messung<\/span><span style=\"color: #d0011b;\">\u00a0laut der Radonschutzverordnung in \u00d6sterreich<\/span><\/h2>\n<p>[\/vc_column_text][vc_column_text css=&#8220;.vc_custom_1658128393493{margin-bottom: 30px !important;}&#8220; el_class=&#8220;max70&#8243;]<\/p>\n<p style=\"text-align: center;\">Radon ist ein nat\u00fcrlich vorkommendes, radioaktives Edelgas ohne Geruch, Farbe und Geschmack. Zahlreiche Studien belegen den Zusammenhang zwischen Radon und dem geh\u00e4uften Auftreten von Lungenkrebs.<\/p>\n<p style=\"text-align: center;\">Gem\u00e4\u00df Radonschutzverordung (RnV 2020) m\u00fcssen Radonschutzma\u00dfnahmen an jenen Arbeitspl\u00e4tzen getroffen werden, die sich in <a href=\"https:\/\/geogis.ages.at\/GEOGIS_RADON.html\" target=\"_blank\" rel=\"noopener noreferrer\">Radonschutzgebieten<\/a> befinden. <a href=\"https:\/\/geogis.ages.at\/GEOGIS_RADON.html\" target=\"_blank\" rel=\"noopener noreferrer\">Radonschutzgebiete<\/a> sind Gebiete mit erh\u00f6htem Gesundheitsrisiko durch Radon und befinden sich in ganz \u00d6sterreich. Durch Radon Messungen an betroffenen Arbeitspl\u00e4tzen wird festgestellt, ob der Referenzwert von 300Bq\/m<sup>3<\/sup> \u00fcberschritten wird.<\/p>\n<p style=\"text-align: center;\">Wir messen die Radonkonzentration kontinuierlich \u00fcber einen gewissen Zeitraum und k\u00f6nnen so verl\u00e4ssliche Aussagen f\u00fcr Ihr Unternehmen treffen. Einmalmessungen mit einem Dosimeter liefern im Gegensatz dazu nur eine Momentaufnahme.<\/p>\n<p>[\/vc_column_text][\/vc_column][\/vc_row][vc_row css=&#8220;.vc_custom_1652704950824{margin-top: 30px !important;background-color: #ffffff !important;}&#8220;][vc_column width=&#8220;2\/3&#8243; offset=&#8220;vc_col-lg-offset-2 vc_col-md-offset-2 vc_col-sm-offset-2 vc_col-xs-12&#8243;][vc_column_text el_class=&#8220;max70&#8243;]<\/p>\n<h2 style=\"text-align: center;\">Radon messen am Arbeitsplatz in Radon Schutzgebieten:<\/h2>\n<p>[\/vc_column_text][vc_row_inner equal_height=&#8220;yes&#8220; gap=&#8220;35&#8243;][vc_column_inner el_class=&#8220;newtoggles&#8220; width=&#8220;2\/3&#8243;][vc_toggle title=&#8220;Wer muss Radon messen?&#8220;]Verantwortlich f\u00fcr die Veranlassung der Radon Messungen ist der Arbeitgeber. Gem\u00e4\u00df Radonschutzverordung (RnV 2020) sind Radonschutzma\u00dfnahmen an im Keller oder Erdgescho\u00df befindlichen Arbeitspl\u00e4tzen, die sich in <a href=\"https:\/\/geogis.ages.at\/GEOGIS_RADON.html\" target=\"_blank\" rel=\"noopener noreferrer\">Radonschutzgebieten<\/a> befinden (Verweis auf die Radon-Karte), zu treffen. Ausgenommen davon sind unter anderem:<\/p>\n<ul>\n<li>Arbeitspl\u00e4tze, an denen sich Arbeitskr\u00e4fte nicht mehr als 10\u00a0Stunden pro Woche aufhalten<\/li>\n<li>Geb\u00e4ude, die eine Radondrainage nach dem Stand der Technik zum Schutz vor Radon besitzen<\/li>\n<\/ul>\n<p>[\/vc_toggle][vc_toggle title=&#8220;Was bedeutet der Referenzwert?&#8220;]Bei \u00dcberschreitung des Referenzwerts sind zus\u00e4tzlichen Ma\u00dfnahmen zu treffen. Der Referenzwert f\u00fcr die Radonkonzentration im Jahresmittel an Arbeitspl\u00e4tzen betr\u00e4gt 300Bq\/m<sup>3<\/sup>.[\/vc_toggle][vc_toggle title=&#8220;Ma\u00dfnahmen bei \u00dcberschreitung des Referenzwertes&#8220;]Bei \u00dcberschreitung des Referenzwertes sind Ma\u00dfnahmen zur Verringerung der Radonkonzentration durchzuf\u00fchren. Anschlie\u00dfend ist zur \u00dcberpr\u00fcfung der Wirksamkeit eine weitere Messung zu beauftragen. Falls der Referenzwert weiterhin \u00fcberschritten wird, muss eine Dosisabsch\u00e4tzung durch eine erm\u00e4chtigte \u00dcberwachungsstelle durchgef\u00fchrt werden.[\/vc_toggle][vc_toggle title=&#8220;Wo ist ein Radon Schutzgebiet?&#8220;]Radonschutzgebiete befinden sich in ganz \u00d6sterreich au\u00dfer in den Bundesl\u00e4ndern Wien und Burgenland (beispielsweise im Wald- und M\u00fchlviertel und \u00d6tztal). Eine detaillierte Liste der betroffenen Gemeinden ist der <a href=\"https:\/\/geogis.ages.at\/GEOGIS_RADON.html\" target=\"_blank\" rel=\"noopener noreferrer\">Radonschutzverordnung<\/a> zu entnehmen. In Radonschutzgebieten sind Ma\u00dfnahmen zum Gesundheitsschutz von Arbeitnehmerinnen und Arbeitnehmern verpflichtend vorgeschrieben.[\/vc_toggle][vc_toggle title=&#8220;Wie messe ich Radon?&#8220;]Die Radonkonzentration wird in Bq\/m<sup>3<\/sup> angegeben und unterliegt in Innenr\u00e4umen starken Schwankungen. Daher m\u00fcssen Messungen \u00fcber einen l\u00e4ngeren Zeitraum erfolgen. Hierf\u00fcr schreibt die Radonschutzverordnung eine Messzeit von mindesten 6\u00a0Monaten vor. Die Messung hat mindestens zur H\u00e4lfte in der Heizperiode (15. Oktober und 15. April) zu erfolgen.[\/vc_toggle][\/vc_column_inner][vc_column_inner width=&#8220;1\/3&#8243; css=&#8220;.vc_custom_1652704918749{margin-top: -40px !important;}&#8220;][vc_column_text css=&#8220;.vc_custom_1657265334591{margin-bottom: 10px !important;}&#8220;]<a href=\"https:\/\/wp.gihmm.webofficeserver.info\/support\/\"><img decoding=\"async\" loading=\"lazy\" class=\"alignnone size-full wp-image-3616 aligncenter\" src=\"https:\/\/wp.gihmm.webofficeserver.info\/wp-content\/uploads\/2022\/05\/gihmm.jpg\" alt=\"gihmm offizieller partner\" width=\"320\" height=\"411\" srcset=\"https:\/\/wp.gihmm.webofficeserver.info\/wp-content\/uploads\/2022\/05\/gihmm.jpg 320w, https:\/\/wp.gihmm.webofficeserver.info\/wp-content\/uploads\/2022\/05\/gihmm-234x300.jpg 234w, https:\/\/wp.gihmm.webofficeserver.info\/wp-content\/uploads\/2022\/05\/gihmm-114x146.jpg 114w, https:\/\/wp.gihmm.webofficeserver.info\/wp-content\/uploads\/2022\/05\/gihmm-39x50.jpg 39w, https:\/\/wp.gihmm.webofficeserver.info\/wp-content\/uploads\/2022\/05\/gihmm-58x75.jpg 58w\" sizes=\"(max-width: 320px) 100vw, 320px\" \/><\/a>[\/vc_column_text][vc_column_text]<a href=\"https:\/\/wp.gihmm.webofficeserver.info\/support\/\"><img decoding=\"async\" loading=\"lazy\" class=\"aligncenter wp-image-3620 size-full\" src=\"https:\/\/wp.gihmm.webofficeserver.info\/wp-content\/uploads\/2022\/05\/jetztberatenlassen.jpg\" alt=\"Radon Messung - beraten lassen\" width=\"320\" height=\"56\" srcset=\"https:\/\/wp.gihmm.webofficeserver.info\/wp-content\/uploads\/2022\/05\/jetztberatenlassen.jpg 320w, https:\/\/wp.gihmm.webofficeserver.info\/wp-content\/uploads\/2022\/05\/jetztberatenlassen-300x53.jpg 300w, https:\/\/wp.gihmm.webofficeserver.info\/wp-content\/uploads\/2022\/05\/jetztberatenlassen-260x46.jpg 260w, https:\/\/wp.gihmm.webofficeserver.info\/wp-content\/uploads\/2022\/05\/jetztberatenlassen-50x9.jpg 50w, https:\/\/wp.gihmm.webofficeserver.info\/wp-content\/uploads\/2022\/05\/jetztberatenlassen-150x26.jpg 150w\" sizes=\"(max-width: 320px) 100vw, 320px\" \/><\/a>[\/vc_column_text][\/vc_column_inner][\/vc_row_inner][\/vc_column][\/vc_row][vc_row][vc_column width=&#8220;2\/3&#8243; offset=&#8220;vc_col-lg-offset-2 vc_col-lg-8 vc_col-md-offset-2 vc_col-md-8 vc_col-sm-offset-2 vc_col-xs-12&#8243; el_class=&#8220;max80i&#8220;][vc_row_inner][vc_column_inner offset=&#8220;vc_col-lg-4 vc_col-md-4 vc_col-xs-12&#8243;][vc_column_text]<a href=\"https:\/\/geogis.ages.at\/GEOGIS_RADON.html\" target=\"_blank\" rel=\"noopener noreferrer\"><img decoding=\"async\" loading=\"lazy\" class=\"aligncenter wp-image-3630 size-full\" title=\"Radonschutzgebiete \u00d6sterreich Karte\" src=\"https:\/\/wp.gihmm.webofficeserver.info\/wp-content\/uploads\/2022\/05\/rm_icon1.png\" alt=\"Radonschutzgebiete \u00d6sterreich Karte\" width=\"121\" height=\"98\" srcset=\"https:\/\/wp.gihmm.webofficeserver.info\/wp-content\/uploads\/2022\/05\/rm_icon1.png 121w, https:\/\/wp.gihmm.webofficeserver.info\/wp-content\/uploads\/2022\/05\/rm_icon1-50x40.png 50w, https:\/\/wp.gihmm.webofficeserver.info\/wp-content\/uploads\/2022\/05\/rm_icon1-93x75.png 93w\" sizes=\"(max-width: 121px) 100vw, 121px\" \/><\/a>[\/vc_column_text][vc_column_text]<\/p>\n<p style=\"text-align: center;\"><a href=\"https:\/\/geogis.ages.at\/GEOGIS_RADON.html\" target=\"_blank\" rel=\"noopener noreferrer\"><strong>Radonschutzgebiet-Karte<\/strong><\/a><\/p>\n<p>[\/vc_column_text][\/vc_column_inner][vc_column_inner offset=&#8220;vc_col-lg-4 vc_col-md-4 vc_col-xs-12&#8243;][vc_column_text]<a href=\"https:\/\/wp.gihmm.webofficeserver.info\/radon-messen-lassen\"><img decoding=\"async\" loading=\"lazy\" class=\"aligncenter wp-image-3634 size-full\" title=\"Radon Messung M\u00f6glichkeiten\" src=\"https:\/\/wp.gihmm.webofficeserver.info\/wp-content\/uploads\/2022\/05\/rm_icon3.png\" alt=\"Radon Messung M\u00f6glichkeiten\" width=\"114\" height=\"98\" srcset=\"https:\/\/wp.gihmm.webofficeserver.info\/wp-content\/uploads\/2022\/05\/rm_icon3.png 114w, https:\/\/wp.gihmm.webofficeserver.info\/wp-content\/uploads\/2022\/05\/rm_icon3-50x43.png 50w, https:\/\/wp.gihmm.webofficeserver.info\/wp-content\/uploads\/2022\/05\/rm_icon3-87x75.png 87w\" sizes=\"(max-width: 114px) 100vw, 114px\" \/><\/a>[\/vc_column_text][vc_column_text]<\/p>\n<p style=\"text-align: center;\"><a href=\"https:\/\/wp.gihmm.webofficeserver.info\/radon-messen-lassen\"><strong>Unsere Radon-Mess-Optionen<\/strong><\/a><\/p>\n<p>[\/vc_column_text][\/vc_column_inner][vc_column_inner offset=&#8220;vc_col-lg-4 vc_col-md-4 vc_col-xs-12&#8243;][vc_column_text]<a href=\"https:\/\/wp.gihmm.webofficeserver.info\/radon-messen\/radon-mess-geraete\/\"><img decoding=\"async\" loading=\"lazy\" class=\"aligncenter wp-image-3634 size-full\" title=\"Radon Messger\u00e4te\" src=\"https:\/\/wp.gihmm.webofficeserver.info\/wp-content\/uploads\/2022\/05\/rm_icon3.png\" alt=\"Radon Messger\u00e4te\" width=\"114\" height=\"98\" srcset=\"https:\/\/wp.gihmm.webofficeserver.info\/wp-content\/uploads\/2022\/05\/rm_icon3.png 114w, https:\/\/wp.gihmm.webofficeserver.info\/wp-content\/uploads\/2022\/05\/rm_icon3-50x43.png 50w, https:\/\/wp.gihmm.webofficeserver.info\/wp-content\/uploads\/2022\/05\/rm_icon3-87x75.png 87w\" sizes=\"(max-width: 114px) 100vw, 114px\" \/><\/a>[\/vc_column_text][vc_column_text]<\/p>\n<p style=\"text-align: center;\"><a href=\"https:\/\/wp.gihmm.webofficeserver.info\/radon-messen\/radon-mess-geraete\/\"><strong>Unsere Radon-Mess-Gr\u00e4te<\/strong><\/a><\/p>\n<p>[\/vc_column_text][\/vc_column_inner][\/vc_row_inner][\/vc_column][\/vc_row][vc_row css=&#8220;.vc_custom_1652706928940{margin-bottom: 0px !important;border-bottom-width: 0px !important;padding-top: 40px !important;padding-bottom: 0px !important;background-color: #f1f1f1 !important;}&#8220;][vc_column width=&#8220;2\/3&#8243; offset=&#8220;vc_col-lg-offset-2 vc_col-md-offset-2 vc_col-sm-offset-2 vc_col-xs-12&#8243;][vc_column_text el_class=&#8220;max70&#8243;]<\/p>\n<h2 style=\"text-align: center;\">Richtige Radon Messung vom Experten kann teure Sanierungsma\u00dfnahmen m\u00f6glicherweise vermeiden<\/h2>\n<p>[\/vc_column_text][\/vc_column][\/vc_row][vc_row css=&#8220;.vc_custom_1652706979999{margin-top: 0px !important;border-top-width: 0px !important;padding-top: 0px !important;background-color: #f1f1f1 !important;}&#8220; el_class=&#8220;biggap&#8220;][vc_column width=&#8220;2\/3&#8243; offset=&#8220;vc_col-lg-offset-2 vc_col-md-offset-2 vc_col-sm-offset-2 vc_col-xs-12&#8243; css=&#8220;.vc_custom_1652712470982{margin-top: 0px !important;border-top-width: 0px !important;padding-top: 0px !important;}&#8220;][vc_row_inner equal_height=&#8220;yes&#8220; gap=&#8220;25&#8243; css=&#8220;.vc_custom_1652712503529{margin-top: 0px !important;border-top-width: 0px !important;padding-top: 0px !important;}&#8220;][vc_column_inner width=&#8220;1\/2&#8243; css=&#8220;.vc_custom_1652712457237{margin-top: 0px !important;border-top-width: 0px !important;padding-top: 0px !important;}&#8220;][vc_column_text css=&#8220;.vc_custom_1657636536733{margin-bottom: 65px !important;}&#8220;]<\/p>\n<h3 style=\"text-align: left;\"><strong>Welchen Unterschied die Messung &amp; Leistung von Gihmm im Vergleich zur \u201eDoserl\u201c-Messung mit einem Dosimeter bietet:<\/strong><\/h3>\n<p style=\"text-align: left;\">Herk\u00f6mmlicherweise werden Radonmessungen mit schlichten Einweg-Messfilmen in Kunststoffdosen durchgef\u00fchrt, welche nur einen einzigen Messwert liefern. Somit kann mit dem \u00fcblichen Mess-\u201eDoserl\u201c nicht zwischen Arbeitszeiten und Leerstandszeiten unterschieden werden.<\/p>\n<p style=\"text-align: left;\">Die Radonkonzentration kann allerdings sehr schwanken, &#8211; je nachdem ob T\u00fcren und Fenster geschlossen sind, ob sie bei laufenden Betrieb immer wieder ge\u00f6ffnet werden, etc. Daher sollte kontinuierlich in der Arbeitszeit gemessen werden. Mit einer einfachen Dosimeter Messung k\u00f6nnte eine zu hohe Radonkonzentration gemessen werden, die zu teuren, aber nicht zwingend notwendigen Sanierungsma\u00dfnahmen f\u00fchrt.<\/p>\n<p style=\"text-align: left;\"><strong>Wir bieten folgende Messoptionen \u2013<\/strong><br \/>\n<strong>wir messen f\u00fcr Sie &amp; werten aus:<\/strong><\/p>\n<p>[\/vc_column_text][\/vc_column_inner][vc_column_inner width=&#8220;1\/2&#8243; css=&#8220;.vc_custom_1652712462765{margin-top: 0px !important;border-top-width: 0px !important;padding-top: 0px !important;}&#8220;][vc_column_text css=&#8220;.vc_custom_1657789438225{margin-bottom: 65px !important;}&#8220;]<\/p>\n<div class=\"resptable\">\n<table class=\"newtable\" border=\"0\" width=\"100%\">\n<tbody>\n<tr>\n<td><\/td>\n<td class=\"min100td\"><img decoding=\"async\" loading=\"lazy\" class=\"mb10px wp-image-3791 size-full aligncenter\" src=\"https:\/\/wp.gihmm.webofficeserver.info\/wp-content\/uploads\/2022\/07\/Gihmm_Radon_Messen_Icons.png\" alt=\"\" width=\"106\" height=\"106\" srcset=\"https:\/\/wp.gihmm.webofficeserver.info\/wp-content\/uploads\/2022\/07\/Gihmm_Radon_Messen_Icons.png 106w, https:\/\/wp.gihmm.webofficeserver.info\/wp-content\/uploads\/2022\/07\/Gihmm_Radon_Messen_Icons-50x50.png 50w, https:\/\/wp.gihmm.webofficeserver.info\/wp-content\/uploads\/2022\/07\/Gihmm_Radon_Messen_Icons-75x75.png 75w, https:\/\/wp.gihmm.webofficeserver.info\/wp-content\/uploads\/2022\/07\/Gihmm_Radon_Messen_Icons-85x85.png 85w, https:\/\/wp.gihmm.webofficeserver.info\/wp-content\/uploads\/2022\/07\/Gihmm_Radon_Messen_Icons-80x80.png 80w\" sizes=\"(max-width: 106px) 100vw, 106px\" \/><\/td>\n<td class=\"min100td\"><img decoding=\"async\" loading=\"lazy\" class=\"mb10px wp-image-3789 size-full aligncenter\" src=\"https:\/\/wp.gihmm.webofficeserver.info\/wp-content\/uploads\/2022\/07\/Gihmm_Radon_Messen_Icons2.png\" alt=\"\" width=\"106\" height=\"106\" srcset=\"https:\/\/wp.gihmm.webofficeserver.info\/wp-content\/uploads\/2022\/07\/Gihmm_Radon_Messen_Icons2.png 106w, https:\/\/wp.gihmm.webofficeserver.info\/wp-content\/uploads\/2022\/07\/Gihmm_Radon_Messen_Icons2-50x50.png 50w, https:\/\/wp.gihmm.webofficeserver.info\/wp-content\/uploads\/2022\/07\/Gihmm_Radon_Messen_Icons2-75x75.png 75w, https:\/\/wp.gihmm.webofficeserver.info\/wp-content\/uploads\/2022\/07\/Gihmm_Radon_Messen_Icons2-85x85.png 85w, https:\/\/wp.gihmm.webofficeserver.info\/wp-content\/uploads\/2022\/07\/Gihmm_Radon_Messen_Icons2-80x80.png 80w\" sizes=\"(max-width: 106px) 100vw, 106px\" \/><\/td>\n<\/tr>\n<tr>\n<td><\/td>\n<td class=\"newtablelab1 min100td\" style=\"text-align: center;\">\u201eDoserl\u201c Anbieter<\/td>\n<td class=\"newtablelab2 min100td\" style=\"text-align: center;\">Gihmm Messger\u00e4te<\/td>\n<\/tr>\n<tr class=\"borderbot\">\n<td>zeitaufl\u00f6send<\/td>\n<td class=\"min100td\"><img decoding=\"async\" loading=\"lazy\" class=\"wp-image-3718 size-full aligncenter\" src=\"https:\/\/wp.gihmm.webofficeserver.info\/wp-content\/uploads\/2022\/05\/Gihmm_uncheck.png\" alt=\"\" width=\"39\" height=\"42\" \/><\/td>\n<td class=\"min100td\"><img decoding=\"async\" loading=\"lazy\" class=\"wp-image-3716 size-full aligncenter\" src=\"https:\/\/wp.gihmm.webofficeserver.info\/wp-content\/uploads\/2022\/05\/Gihmm_check.png\" alt=\"\" width=\"39\" height=\"42\" \/><\/td>\n<\/tr>\n<tr class=\"borderbot\">\n<td>Anzeige<\/td>\n<td class=\"min100td\"><img decoding=\"async\" loading=\"lazy\" class=\"wp-image-3718 size-full aligncenter\" src=\"https:\/\/wp.gihmm.webofficeserver.info\/wp-content\/uploads\/2022\/05\/Gihmm_uncheck.png\" alt=\"\" width=\"39\" height=\"42\" \/><\/td>\n<td class=\"min100td\"><img decoding=\"async\" loading=\"lazy\" class=\"wp-image-3716 size-full aligncenter\" src=\"https:\/\/wp.gihmm.webofficeserver.info\/wp-content\/uploads\/2022\/05\/Gihmm_check.png\" alt=\"\" width=\"39\" height=\"42\" \/><\/td>\n<\/tr>\n<tr class=\"borderbot\">\n<td>ausschlie\u00dfliche Ber\u00fccksichtigung der tats\u00e4chlichen Arbeitszeit m\u00f6glich<\/td>\n<td class=\"min100td\"><img decoding=\"async\" loading=\"lazy\" class=\"wp-image-3718 size-full aligncenter\" src=\"https:\/\/wp.gihmm.webofficeserver.info\/wp-content\/uploads\/2022\/05\/Gihmm_uncheck.png\" alt=\"\" width=\"39\" height=\"42\" \/><\/td>\n<td class=\"min100td\"><img decoding=\"async\" loading=\"lazy\" class=\"wp-image-3716 size-full aligncenter\" src=\"https:\/\/wp.gihmm.webofficeserver.info\/wp-content\/uploads\/2022\/05\/Gihmm_check.png\" alt=\"\" width=\"39\" height=\"42\" \/><\/td>\n<\/tr>\n<tr class=\"borderbot\">\n<td>Vermeidung nicht notwendiger Sanierungsma\u00dfnahmen<\/td>\n<td class=\"min100td\"><img decoding=\"async\" loading=\"lazy\" class=\"wp-image-3718 size-full aligncenter\" src=\"https:\/\/wp.gihmm.webofficeserver.info\/wp-content\/uploads\/2022\/05\/Gihmm_uncheck.png\" alt=\"\" width=\"39\" height=\"42\" \/><\/td>\n<td class=\"min100td\"><img decoding=\"async\" loading=\"lazy\" class=\"wp-image-3716 size-full aligncenter\" src=\"https:\/\/wp.gihmm.webofficeserver.info\/wp-content\/uploads\/2022\/05\/Gihmm_check.png\" alt=\"\" width=\"39\" height=\"42\" \/><\/td>\n<\/tr>\n<\/tbody>\n<\/table>\n<\/div>\n<p>[\/vc_column_text][vc_column_text]<a class=\"redbtn3\" href=\"https:\/\/wp.gihmm.webofficeserver.info\/radon-messen-lassen\/\">Gihmm Radon Messungen im \u00dcberblick<\/a>[\/vc_column_text][\/vc_column_inner][\/vc_row_inner][\/vc_column][\/vc_row][vc_row css=&#8220;.vc_custom_1652713892311{margin-bottom: 0px !important;border-bottom-width: 0px !important;padding-top: 40px !important;padding-bottom: 0px !important;}&#8220;][vc_column width=&#8220;2\/3&#8243; offset=&#8220;vc_col-lg-offset-2 vc_col-md-offset-2 vc_col-sm-offset-2 vc_col-xs-12&#8243; css=&#8220;.vc_custom_1652713925946{margin-bottom: 0px !important;border-bottom-width: 0px !important;padding-bottom: 0px !important;}&#8220;][vc_column_text css=&#8220;.vc_custom_1657636572664{margin-bottom: 0px !important;border-bottom-width: 0px !important;padding-bottom: 20px !important;}&#8220;]<\/p>\n<h2 style=\"text-align: center;\">Unsere Radon Mess-Optionen f\u00fcr exakte Auswertung w\u00e4hrend der Arzbeitszeit<\/h2>\n<p>[\/vc_column_text][\/vc_column][\/vc_row][vc_row css=&#8220;.vc_custom_1652713967497{margin-bottom: 0px !important;border-bottom-width: 0px !important;padding-bottom: 0px !important;}&#8220;][vc_column width=&#8220;2\/3&#8243; offset=&#8220;vc_col-lg-offset-2 vc_col-lg-8 vc_col-md-offset-2 vc_col-md-8 vc_col-sm-offset-2 vc_col-xs-12&#8243;][vc_row_inner][vc_column_inner el_class=&#8220;newproductbox&#8220; width=&#8220;1\/3&#8243; offset=&#8220;vc_col-lg-4 vc_col-md-4 vc_col-xs-12&#8243;][vc_column_text css=&#8220;.vc_custom_1658128957379{margin-bottom: 25px !important;}&#8220; el_class=&#8220;redtitlebox&#8220;]<\/p>\n<p style=\"text-align: center;\">OPTION 1<br \/>\neinfache, akkreditierte Radon-Messung<\/p>\n<p>[\/vc_column_text][vc_column_text css=&#8220;.vc_custom_1658127582043{margin-bottom: 25px !important;}&#8220; el_class=&#8220;redbox&#8220;]<img decoding=\"async\" loading=\"lazy\" class=\"aligncenter wp-image-3794 size-full\" title=\"Radon Messung - Option 1\" src=\"https:\/\/wp.gihmm.webofficeserver.info\/wp-content\/uploads\/2022\/07\/Gihmm_Radon_Messoptionen-1.jpg\" alt=\"Radon Messung - Option 1\" width=\"331\" height=\"344\" srcset=\"https:\/\/wp.gihmm.webofficeserver.info\/wp-content\/uploads\/2022\/07\/Gihmm_Radon_Messoptionen-1.jpg 331w, https:\/\/wp.gihmm.webofficeserver.info\/wp-content\/uploads\/2022\/07\/Gihmm_Radon_Messoptionen-1-289x300.jpg 289w, https:\/\/wp.gihmm.webofficeserver.info\/wp-content\/uploads\/2022\/07\/Gihmm_Radon_Messoptionen-1-140x146.jpg 140w, https:\/\/wp.gihmm.webofficeserver.info\/wp-content\/uploads\/2022\/07\/Gihmm_Radon_Messoptionen-1-48x50.jpg 48w, https:\/\/wp.gihmm.webofficeserver.info\/wp-content\/uploads\/2022\/07\/Gihmm_Radon_Messoptionen-1-72x75.jpg 72w\" sizes=\"(max-width: 331px) 100vw, 331px\" \/>[\/vc_column_text][vc_column_text el_class=&#8220;newproductboxcontent&#8220;]<\/p>\n<ul>\n<li style=\"text-align: left;\">Integrierende Langzeitmessung (6\u00a0Monate)<\/li>\n<li style=\"text-align: left;\">Anzeige des aktuellen Tages-, Wochen- und Langzeitmittelwerts<\/li>\n<\/ul>\n<p style=\"text-align: left;\"><strong>Anwendung:<\/strong> erstmalige Messung gem\u00e4\u00df Radonschutzverordnung (bis jetzt keine Messwerte bekannt)<\/p>\n<p><a class=\"detlinkx\" href=\"https:\/\/wp.gihmm.webofficeserver.info\/radon-messen-lassen\/\"><strong>Details &amp; Vergleich<\/strong><\/a>[\/vc_column_text][\/vc_column_inner][vc_column_inner el_class=&#8220;newproductbox&#8220; width=&#8220;1\/3&#8243;][vc_column_text css=&#8220;.vc_custom_1658128966576{margin-bottom: 25px !important;}&#8220; el_class=&#8220;redtitlebox&#8220;]<\/p>\n<p style=\"text-align: center;\">OPTION 2<br \/>\nerweiterte, akkreditierte Radon-Messung<\/p>\n<p>[\/vc_column_text][vc_column_text css=&#8220;.vc_custom_1658127608176{margin-bottom: 25px !important;}&#8220; el_class=&#8220;redbox&#8220;]<img decoding=\"async\" loading=\"lazy\" class=\"aligncenter wp-image-3785 size-full\" title=\"erweiterte Radon Messung - Option 2\" src=\"https:\/\/wp.gihmm.webofficeserver.info\/wp-content\/uploads\/2022\/07\/Gihmm_Radon_Messoptionen2.jpg\" alt=\"erweiterte Radon Messung - Option 2\" width=\"331\" height=\"344\" srcset=\"https:\/\/wp.gihmm.webofficeserver.info\/wp-content\/uploads\/2022\/07\/Gihmm_Radon_Messoptionen2.jpg 331w, https:\/\/wp.gihmm.webofficeserver.info\/wp-content\/uploads\/2022\/07\/Gihmm_Radon_Messoptionen2-289x300.jpg 289w, https:\/\/wp.gihmm.webofficeserver.info\/wp-content\/uploads\/2022\/07\/Gihmm_Radon_Messoptionen2-140x146.jpg 140w, https:\/\/wp.gihmm.webofficeserver.info\/wp-content\/uploads\/2022\/07\/Gihmm_Radon_Messoptionen2-48x50.jpg 48w, https:\/\/wp.gihmm.webofficeserver.info\/wp-content\/uploads\/2022\/07\/Gihmm_Radon_Messoptionen2-72x75.jpg 72w\" sizes=\"(max-width: 331px) 100vw, 331px\" \/>[\/vc_column_text][vc_column_text el_class=&#8220;newproductboxcontent&#8220;]<\/p>\n<ul>\n<li style=\"text-align: left;\">zeitaufl\u00f6sende Langzeitmessung (6\u00a0Monate)<\/li>\n<li style=\"text-align: left;\">zur Ber\u00fccksichtigung der Arbeitszeiten<\/li>\n<\/ul>\n<p style=\"text-align: left;\"><strong>Anwendung:<\/strong> Messung gem\u00e4\u00df Radonschutzverordnung unter Ber\u00fccksichtigung der Aufenthaltszeiten, zur Vermeidung evtl. \u00fcberh\u00f6hter Messergebnisse wie bei klassischen Messungen<\/p>\n<p><a class=\"detlinkx\" href=\"https:\/\/wp.gihmm.webofficeserver.info\/radon-messen-lassen\/\"><strong>Details &amp; Vergleich<\/strong><\/a>[\/vc_column_text][\/vc_column_inner][vc_column_inner el_class=&#8220;newproductbox&#8220; width=&#8220;1\/3&#8243;][vc_column_text css=&#8220;.vc_custom_1658128991109{margin-bottom: 25px !important;}&#8220; el_class=&#8220;redtitlebox&#8220;]<\/p>\n<p style=\"text-align: center;\">OPTION 3<br \/>\nRadon-Orientierungs-Messung<\/p>\n<p>[\/vc_column_text][vc_column_text css=&#8220;.vc_custom_1658127634389{margin-bottom: 25px !important;}&#8220; el_class=&#8220;redbox&#8220;]<img decoding=\"async\" loading=\"lazy\" class=\"aligncenter wp-image-3785 size-full\" title=\"Radon Orientierungsmessung - Option 3\" src=\"https:\/\/wp.gihmm.webofficeserver.info\/wp-content\/uploads\/2022\/07\/Gihmm_Radon_Messoptionen2.jpg\" alt=\"Radon Orientierungsmessung - Option 3\" width=\"331\" height=\"344\" srcset=\"https:\/\/wp.gihmm.webofficeserver.info\/wp-content\/uploads\/2022\/07\/Gihmm_Radon_Messoptionen2.jpg 331w, https:\/\/wp.gihmm.webofficeserver.info\/wp-content\/uploads\/2022\/07\/Gihmm_Radon_Messoptionen2-289x300.jpg 289w, https:\/\/wp.gihmm.webofficeserver.info\/wp-content\/uploads\/2022\/07\/Gihmm_Radon_Messoptionen2-140x146.jpg 140w, https:\/\/wp.gihmm.webofficeserver.info\/wp-content\/uploads\/2022\/07\/Gihmm_Radon_Messoptionen2-48x50.jpg 48w, https:\/\/wp.gihmm.webofficeserver.info\/wp-content\/uploads\/2022\/07\/Gihmm_Radon_Messoptionen2-72x75.jpg 72w\" sizes=\"(max-width: 331px) 100vw, 331px\" \/>[\/vc_column_text][vc_column_text el_class=&#8220;newproductboxcontent&#8220;]<\/p>\n<ul>\n<li style=\"text-align: left;\">zeitaufl\u00f6sende Kurzzeitmessung (1\u20132 Wochen)<\/li>\n<li style=\"text-align: left;\">zur Ber\u00fccksichtigung der Arbeitszeiten<\/li>\n<\/ul>\n<p style=\"text-align: left;\"><strong>Anwendung:<\/strong> Erstellung eines Zeitprofils der Radonkonzentration nach m\u00e4\u00dfiger \u00dcberschreitung des Referenzwertes im Zuge der Erstmessung<\/p>\n<p><a class=\"detlinkx\" href=\"https:\/\/wp.gihmm.webofficeserver.info\/radon-messen-lassen\/\"><strong>Details &amp; Vergleich<\/strong><\/a>[\/vc_column_text][\/vc_column_inner][\/vc_row_inner][vc_row_inner][vc_column_inner el_class=&#8220;newproductbox&#8220; width=&#8220;1\/2&#8243;][vc_column_text css=&#8220;.vc_custom_1652715661097{margin-bottom: 25px !important;}&#8220;]<\/p>\n<p style=\"text-align: left;\">Erkl\u00e4rung, dass Gihmm das Messger\u00e4t zur Verf\u00fcgung stellt, die Messung durchf\u00fchrt, auswertet und das notwendige Zertifikat ausstellt. Das kann viele Tausend Euro sparen\u2026<\/p>\n<p>[\/vc_column_text][\/vc_column_inner][vc_column_inner width=&#8220;1\/2&#8243;][vc_column_text]<a class=\"redbtn2\" href=\"https:\/\/wp.gihmm.webofficeserver.info\/support\/\">PROFESSIONELLE RADONMESSUNG ANFRAGEN<\/a>[\/vc_column_text][\/vc_column_inner][\/vc_row_inner][\/vc_column][\/vc_row][vc_row css=&#8220;.vc_custom_1652706928940{margin-bottom: 0px !important;border-bottom-width: 0px !important;padding-top: 40px !important;padding-bottom: 0px !important;background-color: #f1f1f1 !important;}&#8220;][vc_column width=&#8220;2\/3&#8243; offset=&#8220;vc_col-lg-offset-2 vc_col-md-offset-2 vc_col-sm-offset-2 vc_col-xs-12&#8243;][vc_column_text el_class=&#8220;max70&#8243;]<\/p>\n<h2 style=\"text-align: center;\">Radon &amp; Gesundheit<\/h2>\n<p>[\/vc_column_text][\/vc_column][\/vc_row][vc_row css=&#8220;.vc_custom_1652706979999{margin-top: 0px !important;border-top-width: 0px !important;padding-top: 0px !important;background-color: #f1f1f1 !important;}&#8220; el_class=&#8220;biggap&#8220;][vc_column width=&#8220;2\/3&#8243; offset=&#8220;vc_col-lg-offset-2 vc_col-md-offset-2 vc_col-sm-offset-2 vc_col-xs-12&#8243; css=&#8220;.vc_custom_1652712470982{margin-top: 0px !important;border-top-width: 0px !important;padding-top: 0px !important;}&#8220;][vc_row_inner equal_height=&#8220;yes&#8220; gap=&#8220;25&#8243; css=&#8220;.vc_custom_1652712503529{margin-top: 0px !important;border-top-width: 0px !important;padding-top: 0px !important;}&#8220;][vc_column_inner width=&#8220;1\/2&#8243; css=&#8220;.vc_custom_1652712457237{margin-top: 0px !important;border-top-width: 0px !important;padding-top: 0px !important;}&#8220;][vc_toggle title=&#8220;Was ist Radon?&#8220;]Radon ist ein nat\u00fcrlich vorkommendes, radioaktives Edelgas ohne Geruch, Farbe und Geschmack. Das f\u00fcr den Strahlenschutz bedeutendste Radon-Nuklid ist Rn-222, ein Alphastrahler mit einer Halbwertszeit von 3,8 Tagen. Radon entsteht durch den Zerfall von Radium, einem Zerfallsprodukt von Uran, welches in Gesteinen und B\u00f6den \u00fcberall auf der Erde nat\u00fcrlich vorkommt. Radon ist deshalb allgegenwertig in der Luft in unterschiedlichen Konzentrationen vorhanden.[\/vc_toggle][vc_toggle title=&#8220;Auswirkungen von Radon auf die Gesundheit&#8220;]Zahlreiche Studien belegen den Zusammenhang zwischen Radon und dem geh\u00e4uften Auftreten von Lungenkrebs (siehe WHO &#8211; Handbook on indoor radon 2009, Link). Nach dem Rauchen stellt Radon die zweith\u00e4ufigste Ursache von Lungenkrebs dar.<\/p>\n<p>Radon wird aufgrund seiner Edelgaseigenschaften und seiner Halbwertszeit zum gr\u00f6\u00dften Teil wieder ausgeatmet. Die gesundheitliche Gef\u00e4hrdung geht daher weniger von Radon selbst aus, sondern haupts\u00e4chlich von dessen kurzlebigen radioaktiven Zerfallsprodukten. Diese sind in der Raumluft \u00fcberwiegend an Aerosole gebunden, welche sich im Atemtrakt ablagern und dort die strahlenempfindlichen Zellen der Lunge sch\u00e4digen k\u00f6nnen.[\/vc_toggle][vc_toggle title=&#8220;Gefahr von Radon in Innenr\u00e4umen&#8220;]Im Freien sind die Radonkonzentrationen durch die Verd\u00fcnnung mit Frischluft generell geringer als in Innenr\u00e4umen. In die Raumluft von Wohnr\u00e4umen gelangt Radon im Allgemeinen durch erdber\u00fchrende Geb\u00e4udeteile und in geringerem Ma\u00dfe auch durch Baustoffe. Wie hoch die Konzentration im Innenraum ist, h\u00e4ngt unter anderem vom Baugrund, dessen Durchl\u00e4ssigkeit, der Ausf\u00fchrung der erdber\u00fchrenden Geb\u00e4udeteile, sowie vom L\u00fcftungsverhalten ab.[\/vc_toggle][\/vc_column_inner][vc_column_inner width=&#8220;1\/2&#8243; css=&#8220;.vc_custom_1657786998012{margin-top: 0px !important;border-top-width: 0px !important;padding-top: 0px !important;}&#8220;][vc_column_text css=&#8220;.vc_custom_1658127551044{margin-bottom: 65px !important;}&#8220;]<img decoding=\"async\" loading=\"lazy\" class=\"alignnone wp-image-3773 size-full\" title=\"Gihmm Radon Messung\" src=\"https:\/\/wp.gihmm.webofficeserver.info\/wp-content\/uploads\/2022\/07\/Gihmm_Radon_Messen2.jpg\" alt=\"Gihmm Radon Messung\" width=\"800\" height=\"402\" srcset=\"https:\/\/wp.gihmm.webofficeserver.info\/wp-content\/uploads\/2022\/07\/Gihmm_Radon_Messen2.jpg 800w, https:\/\/wp.gihmm.webofficeserver.info\/wp-content\/uploads\/2022\/07\/Gihmm_Radon_Messen2-300x151.jpg 300w, https:\/\/wp.gihmm.webofficeserver.info\/wp-content\/uploads\/2022\/07\/Gihmm_Radon_Messen2-768x386.jpg 768w, https:\/\/wp.gihmm.webofficeserver.info\/wp-content\/uploads\/2022\/07\/Gihmm_Radon_Messen2-260x131.jpg 260w, https:\/\/wp.gihmm.webofficeserver.info\/wp-content\/uploads\/2022\/07\/Gihmm_Radon_Messen2-50x25.jpg 50w, https:\/\/wp.gihmm.webofficeserver.info\/wp-content\/uploads\/2022\/07\/Gihmm_Radon_Messen2-150x75.jpg 150w\" sizes=\"(max-width: 800px) 100vw, 800px\" \/>[\/vc_column_text][\/vc_column_inner][\/vc_row_inner][\/vc_column][\/vc_row][vc_row][vc_column][\/vc_column][\/vc_row][vc_row el_class=&#8220;call-to-action&#8220; css=&#8220;.vc_custom_1494944009560{background-color: #d0011b !important;}&#8220;][vc_column width=&#8220;5\/6&#8243; offset=&#8220;vc_col-md-offset-2 vc_col-md-8 vc_col-sm-offset-1 vc_col-xs-offset-1 vc_col-xs-10&#8243;][vc_cta h2=&#8220;KONTAKTIEREN SIE UNS!&#8220; h4=&#8220;WIR FREUEN UNS AUF IHRE ANFRAGE&#8220; shape=&#8220;square&#8220; style=&#8220;custom&#8220; add_button=&#8220;right&#8220; btn_title=&#8220;KONTAKT&#8220; btn_style=&#8220;classic&#8220; btn_color=&#8220;white&#8220; btn_size=&#8220;lg&#8220; btn_i_align=&#8220;right&#8220; btn_i_icon_fontawesome=&#8220;fa fa-arrow-circle-right&#8220; btn_add_icon=&#8220;true&#8220; custom_background=&#8220;#d0011b&#8220; btn_link=&#8220;url:https%3A%2F%2Fwp.gihmm.webofficeserver.info%2Fsupport%2F|title:SUPPORT%20UND%20KONTAKT||&#8220; custom_text=&#8220;#ffffff&#8220;][\/vc_cta][\/vc_column][\/vc_row]<\/p>\n","protected":false},"excerpt":{"rendered":"<p>[vc_row][vc_column][\/vc_column][\/vc_row][vc_row css=&#8220;.vc_custom_1652704975402{margin-top: 80px !important;padding-top: 30px !important;padding-bottom: 40px !important;background-color: #f1f1f1 !important;}&#8220;][vc_column width=&#8220;2\/3&#8243; offset=&#8220;vc_col-lg-offset-2 vc_col-md-offset-2 vc_col-sm-offset-2 vc_col-xs-12&#8243;][vc_custom_heading text=&#8220;Radon Messung am Arbeitsplatz &#8220; font_container=&#8220;tag:h1|text_align:center&#8220; use_theme_fonts=&#8220;yes&#8220; css=&#8220;.vc_custom_1652703317025{margin-top: 10px !important;margin-bottom: 20px<span class=\"excerpt-hellip\"> [\u2026]<\/span><\/p>\n","protected":false},"author":6,"featured_media":0,"parent":0,"menu_order":0,"comment_status":"closed","ping_status":"closed","template":"","meta":[],"yoast_head":"<!-- This site is optimized with the Yoast SEO plugin v19.10 - https:\/\/yoast.com\/wordpress\/plugins\/seo\/ -->\n<title>Radon Messung in \u00d6sterreich am Arbeitsplatz | Gihmm<\/title>\n<meta name=\"description\" content=\"Ghimm ist ihr zertifizierter Partner f\u00fcr Radon Messung in \u00d6sterreich. Wir messen Radon professionell laut Strahlenschutzverordnung. &gt;&gt; Beraten lassen.\" \/>\n<meta name=\"robots\" content=\"index, follow, max-snippet:-1, max-image-preview:large, max-video-preview:-1\" \/>\n<link rel=\"canonical\" href=\"https:\/\/wp.gihmm.webofficeserver.info\/radon-messen\/\" \/>\n<meta property=\"og:locale\" content=\"de_DE\" \/>\n<meta property=\"og:type\" content=\"article\" \/>\n<meta property=\"og:title\" content=\"Radon Messung in \u00d6sterreich am Arbeitsplatz | Gihmm\" \/>\n<meta property=\"og:description\" content=\"Ghimm ist ihr zertifizierter Partner f\u00fcr Radon Messung in \u00d6sterreich. Wir messen Radon professionell laut Strahlenschutzverordnung. &gt;&gt; Beraten lassen.\" \/>\n<meta property=\"og:url\" content=\"https:\/\/wp.gihmm.webofficeserver.info\/radon-messen\/\" \/>\n<meta property=\"og:site_name\" content=\"Gihmm\" \/>\n<meta property=\"article:modified_time\" content=\"2022-07-19T07:13:14+00:00\" \/>\n<meta property=\"og:image\" content=\"https:\/\/wp.gihmm.webofficeserver.info\/wp-content\/uploads\/2022\/05\/gihmm.jpg\" \/>\n<meta name=\"twitter:card\" content=\"summary_large_image\" \/>\n<meta name=\"twitter:label1\" content=\"Gesch\u00e4tzte Lesezeit\" \/>\n\t<meta name=\"twitter:data1\" content=\"10\u00a0Minuten\" \/>\n<script type=\"application\/ld+json\" class=\"yoast-schema-graph\">{\"@context\":\"https:\/\/schema.org\",\"@graph\":[{\"@type\":\"WebPage\",\"@id\":\"https:\/\/wp.gihmm.webofficeserver.info\/radon-messen\/\",\"url\":\"https:\/\/wp.gihmm.webofficeserver.info\/radon-messen\/\",\"name\":\"Radon Messung in \u00d6sterreich am Arbeitsplatz | Gihmm\",\"isPartOf\":{\"@id\":\"https:\/\/wp.gihmm.webofficeserver.info\/#website\"},\"datePublished\":\"2022-05-10T07:34:12+00:00\",\"dateModified\":\"2022-07-19T07:13:14+00:00\",\"description\":\"Ghimm ist ihr zertifizierter Partner f\u00fcr Radon Messung in \u00d6sterreich. Wir messen Radon professionell laut Strahlenschutzverordnung. >> Beraten lassen.\",\"breadcrumb\":{\"@id\":\"https:\/\/wp.gihmm.webofficeserver.info\/radon-messen\/#breadcrumb\"},\"inLanguage\":\"de\",\"potentialAction\":[{\"@type\":\"ReadAction\",\"target\":[\"https:\/\/wp.gihmm.webofficeserver.info\/radon-messen\/\"]}]},{\"@type\":\"BreadcrumbList\",\"@id\":\"https:\/\/wp.gihmm.webofficeserver.info\/radon-messen\/#breadcrumb\",\"itemListElement\":[{\"@type\":\"ListItem\",\"position\":1,\"name\":\"Home\",\"item\":\"https:\/\/wp.gihmm.webofficeserver.info\/\"},{\"@type\":\"ListItem\",\"position\":2,\"name\":\"Radon Messen\"}]},{\"@type\":\"WebSite\",\"@id\":\"https:\/\/wp.gihmm.webofficeserver.info\/#website\",\"url\":\"https:\/\/wp.gihmm.webofficeserver.info\/\",\"name\":\"Gihmm\",\"description\":\"Face the invisibility\",\"potentialAction\":[{\"@type\":\"SearchAction\",\"target\":{\"@type\":\"EntryPoint\",\"urlTemplate\":\"https:\/\/wp.gihmm.webofficeserver.info\/?s={search_term_string}\"},\"query-input\":\"required name=search_term_string\"}],\"inLanguage\":\"de\"}]}<\/script>\n<!-- \/ Yoast SEO plugin. -->","yoast_head_json":{"title":"Radon Messung in \u00d6sterreich am Arbeitsplatz | Gihmm","description":"Ghimm ist ihr zertifizierter Partner f\u00fcr Radon Messung in \u00d6sterreich. Wir messen Radon professionell laut Strahlenschutzverordnung. >> Beraten lassen.","robots":{"index":"index","follow":"follow","max-snippet":"max-snippet:-1","max-image-preview":"max-image-preview:large","max-video-preview":"max-video-preview:-1"},"canonical":"https:\/\/wp.gihmm.webofficeserver.info\/radon-messen\/","og_locale":"de_DE","og_type":"article","og_title":"Radon Messung in \u00d6sterreich am Arbeitsplatz | Gihmm","og_description":"Ghimm ist ihr zertifizierter Partner f\u00fcr Radon Messung in \u00d6sterreich. Wir messen Radon professionell laut Strahlenschutzverordnung. >> Beraten lassen.","og_url":"https:\/\/wp.gihmm.webofficeserver.info\/radon-messen\/","og_site_name":"Gihmm","article_modified_time":"2022-07-19T07:13:14+00:00","og_image":[{"url":"https:\/\/wp.gihmm.webofficeserver.info\/wp-content\/uploads\/2022\/05\/gihmm.jpg"}],"twitter_card":"summary_large_image","twitter_misc":{"Gesch\u00e4tzte Lesezeit":"10\u00a0Minuten"},"schema":{"@context":"https:\/\/schema.org","@graph":[{"@type":"WebPage","@id":"https:\/\/wp.gihmm.webofficeserver.info\/radon-messen\/","url":"https:\/\/wp.gihmm.webofficeserver.info\/radon-messen\/","name":"Radon Messung in \u00d6sterreich am Arbeitsplatz | Gihmm","isPartOf":{"@id":"https:\/\/wp.gihmm.webofficeserver.info\/#website"},"datePublished":"2022-05-10T07:34:12+00:00","dateModified":"2022-07-19T07:13:14+00:00","description":"Ghimm ist ihr zertifizierter Partner f\u00fcr Radon Messung in \u00d6sterreich. Wir messen Radon professionell laut Strahlenschutzverordnung. >> Beraten lassen.","breadcrumb":{"@id":"https:\/\/wp.gihmm.webofficeserver.info\/radon-messen\/#breadcrumb"},"inLanguage":"de","potentialAction":[{"@type":"ReadAction","target":["https:\/\/wp.gihmm.webofficeserver.info\/radon-messen\/"]}]},{"@type":"BreadcrumbList","@id":"https:\/\/wp.gihmm.webofficeserver.info\/radon-messen\/#breadcrumb","itemListElement":[{"@type":"ListItem","position":1,"name":"Home","item":"https:\/\/wp.gihmm.webofficeserver.info\/"},{"@type":"ListItem","position":2,"name":"Radon Messen"}]},{"@type":"WebSite","@id":"https:\/\/wp.gihmm.webofficeserver.info\/#website","url":"https:\/\/wp.gihmm.webofficeserver.info\/","name":"Gihmm","description":"Face the invisibility","potentialAction":[{"@type":"SearchAction","target":{"@type":"EntryPoint","urlTemplate":"https:\/\/wp.gihmm.webofficeserver.info\/?s={search_term_string}"},"query-input":"required name=search_term_string"}],"inLanguage":"de"}]}},"_links":{"self":[{"href":"https:\/\/wp.gihmm.webofficeserver.info\/wordpress\/wp-json\/wp\/v2\/pages\/3592"}],"collection":[{"href":"https:\/\/wp.gihmm.webofficeserver.info\/wordpress\/wp-json\/wp\/v2\/pages"}],"about":[{"href":"https:\/\/wp.gihmm.webofficeserver.info\/wordpress\/wp-json\/wp\/v2\/types\/page"}],"author":[{"embeddable":true,"href":"https:\/\/wp.gihmm.webofficeserver.info\/wordpress\/wp-json\/wp\/v2\/users\/6"}],"replies":[{"embeddable":true,"href":"https:\/\/wp.gihmm.webofficeserver.info\/wordpress\/wp-json\/wp\/v2\/comments?post=3592"}],"version-history":[{"count":125,"href":"https:\/\/wp.gihmm.webofficeserver.info\/wordpress\/wp-json\/wp\/v2\/pages\/3592\/revisions"}],"predecessor-version":[{"id":3822,"href":"https:\/\/wp.gihmm.webofficeserver.info\/wordpress\/wp-json\/wp\/v2\/pages\/3592\/revisions\/3822"}],"wp:attachment":[{"href":"https:\/\/wp.gihmm.webofficeserver.info\/wordpress\/wp-json\/wp\/v2\/media?parent=3592"}],"curies":[{"name":"wp","href":"https:\/\/api.w.org\/{rel}","templated":true}]}}